{"id":231226,"date":"2023-03-29T18:13:13","date_gmt":"2023-03-29T18:13:13","guid":{"rendered":"http:\/\/www.celtiques.com\/?page_id=231226"},"modified":"2023-06-16T03:43:19","modified_gmt":"2023-06-16T03:43:19","slug":"competitif","status":"publish","type":"page","link":"https:\/\/celtiques.com\/?page_id=231226","title":{"rendered":"comp\u00e9titif"},"content":{"rendered":"<p>[et_pb_section fb_built=\u00a0\u00bb1&Prime; fullwidth=\u00a0\u00bbon\u00a0\u00bb _builder_version=\u00a0\u00bb4.20.2&Prime; _module_preset=\u00a0\u00bbdefault\u00a0\u00bb background_color=\u00a0\u00bb#01864A\u00a0\u00bb background_image=\u00a0\u00bbhttp:\/\/www.celtiques.com\/wp-content\/uploads\/2023\/01\/miguel-puig-phU8NHF85rU-unsplash-scaled.webp\u00a0\u00bb background_position=\u00a0\u00bbtop_center\u00a0\u00bb background_vertical_offset=\u00a0\u00bb7%\u00a0\u00bb background_blend=\u00a0\u00bbmultiply\u00a0\u00bb height=\u00a0\u00bb250px\u00a0\u00bb global_colors_info=\u00a0\u00bb{}\u00a0\u00bb][\/et_pb_section][et_pb_section fb_built=\u00a0\u00bb1&Prime; admin_label=\u00a0\u00bbMarket Information Section\u00a0\u00bb _builder_version=\u00a0\u00bb4.20.2&Prime; background_color=\u00a0\u00bb#FFFFFF\u00a0\u00bb custom_margin=\u00a0\u00bb||100px||false|false\u00a0\u00bb custom_padding=\u00a0\u00bb36px|0px|0px||false|false\u00a0\u00bb global_colors_info=\u00a0\u00bb{}\u00a0\u00bb][et_pb_row column_structure=\u00a0\u00bb3_4,1_4&Prime; admin_label=\u00a0\u00bbMarket Information Title Area\u00a0\u00bb _builder_version=\u00a0\u00bb4.20.2&Prime; custom_padding=\u00a0\u00bb7px|0px|5px|0px||\u00a0\u00bb animation_style=\u00a0\u00bbfade\u00a0\u00bb global_colors_info=\u00a0\u00bb{}\u00a0\u00bb][et_pb_column type=\u00a0\u00bb3_4&Prime; _builder_version=\u00a0\u00bb4.20.2&Prime; custom_padding=\u00a0\u00bb|||\u00a0\u00bb global_colors_info=\u00a0\u00bb{}\u00a0\u00bb custom_padding__hover=\u00a0\u00bb|||\u00a0\u00bb][et_pb_text _builder_version=\u00a0\u00bb4.20.2&Prime; text_font=\u00a0\u00bbPoppins||||||||\u00a0\u00bb text_text_color=\u00a0\u00bb#333333&Prime; text_font_size=\u00a0\u00bb13px\u00a0\u00bb header_font=\u00a0\u00bb||||||||\u00a0\u00bb header_2_font=\u00a0\u00bbMontserrat|700||on|||||\u00a0\u00bb header_2_text_color=\u00a0\u00bb#01864A\u00a0\u00bb header_2_font_size=\u00a0\u00bb36px\u00a0\u00bb header_4_text_color=\u00a0\u00bb#333333&Prime; header_4_line_height=\u00a0\u00bb1.2em\u00a0\u00bb custom_margin=\u00a0\u00bb1%||6.3%||false|false\u00a0\u00bb custom_padding=\u00a0\u00bb||0px||false|false\u00a0\u00bb animation_direction=\u00a0\u00bbleft\u00a0\u00bb global_colors_info=\u00a0\u00bb{}\u00a0\u00bb]<\/p>\n<p><a href=\"\/\">Accueil<\/a> &gt; <a href=\"\/equipes\">\u00c9quipes<\/a> &gt; <strong>Comp\u00e9titif<\/strong><\/p>\n<p>[\/et_pb_text][et_pb_text admin_label=\u00a0\u00bbTitle\u00a0\u00bb _builder_version=\u00a0\u00bb4.20.2&Prime; text_font=\u00a0\u00bbPoppins||||||||\u00a0\u00bb text_text_color=\u00a0\u00bb#000000&Prime; text_font_size=\u00a0\u00bb15px\u00a0\u00bb header_font=\u00a0\u00bb||||||||\u00a0\u00bb header_text_align=\u00a0\u00bbcenter\u00a0\u00bb header_text_color=\u00a0\u00bb#333333&Prime; header_font_size=\u00a0\u00bb50px\u00a0\u00bb header_line_height=\u00a0\u00bb1.1em\u00a0\u00bb header_2_font=\u00a0\u00bbMontserrat|700||on|||||\u00a0\u00bb header_2_text_color=\u00a0\u00bb#333333&Prime; header_2_font_size=\u00a0\u00bb50px\u00a0\u00bb header_2_line_height=\u00a0\u00bb1.1em\u00a0\u00bb custom_margin=\u00a0\u00bb||2%||false|false\u00a0\u00bb custom_padding=\u00a0\u00bb|||\u00a0\u00bb animation_direction=\u00a0\u00bbleft\u00a0\u00bb header_font_size_tablet=\u00a0\u00bb45px\u00a0\u00bb header_font_size_phone=\u00a0\u00bb40px\u00a0\u00bb header_font_size_last_edited=\u00a0\u00bbon|phone\u00a0\u00bb header_2_font_size_tablet=\u00a0\u00bb45px\u00a0\u00bb header_2_font_size_phone=\u00a0\u00bb30px\u00a0\u00bb header_2_font_size_last_edited=\u00a0\u00bbon|desktop\u00a0\u00bb global_colors_info=\u00a0\u00bb{}\u00a0\u00bb]<\/p>\n<h1 style=\"text-align: left;\">Comp\u00e9titif<\/h1>\n<p>[\/et_pb_text][et_pb_button button_url=\u00a0\u00bb@ET-DC@eyJkeW5hbWljIjp0cnVlLCJjb250ZW50IjoicG9zdF9saW5rX3VybF9wb3N0Iiwic2V0dGluZ3MiOnsicG9zdF9pZCI6IjM3MjIifX0=@\u00a0\u00bb button_text=\u00a0\u00bbDans quelle cat\u00e9gorie s&rsquo;inscrire?\u00a0\u00bb _builder_version=\u00a0\u00bb4.21.0&Prime; _dynamic_attributes=\u00a0\u00bbbutton_url\u00a0\u00bb _module_preset=\u00a0\u00bbdefault\u00a0\u00bb custom_button=\u00a0\u00bbon\u00a0\u00bb button_text_color=\u00a0\u00bb#01864A\u00a0\u00bb button_border_width=\u00a0\u00bb2px\u00a0\u00bb button_border_color=\u00a0\u00bb#01864A\u00a0\u00bb button_border_radius=\u00a0\u00bb5px\u00a0\u00bb button_font=\u00a0\u00bb|600|||||||\u00a0\u00bb button_icon=\u00a0\u00bb&#xf105;||fa||900&Prime; custom_margin=\u00a0\u00bb23px|||||\u00a0\u00bb custom_padding=\u00a0\u00bb2%|2%|1.5%|2%|false|false\u00a0\u00bb custom_padding_tablet=\u00a0\u00bb2%|2%|1.5%|2%|false|false\u00a0\u00bb custom_padding_phone=\u00a0\u00bb5%|5%|5%|5%|false|false\u00a0\u00bb custom_padding_last_edited=\u00a0\u00bbon|phone\u00a0\u00bb hover_enabled=\u00a0\u00bb0&Prime; locked=\u00a0\u00bboff\u00a0\u00bb global_colors_info=\u00a0\u00bb{}\u00a0\u00bb button_text_color__hover_enabled=\u00a0\u00bbon|desktop\u00a0\u00bb button_text_color__hover=\u00a0\u00bb#FFFFFF\u00a0\u00bb button_bg_color__hover_enabled=\u00a0\u00bbon|hover\u00a0\u00bb button_bg_color__hover=\u00a0\u00bb#01864A\u00a0\u00bb button_bg_enable_color__hover=\u00a0\u00bbon\u00a0\u00bb button_border_width__hover_enabled=\u00a0\u00bbon|hover\u00a0\u00bb button_border_width__hover=\u00a0\u00bb2px\u00a0\u00bb button_border_color__hover_enabled=\u00a0\u00bbon|hover\u00a0\u00bb button_border_color__hover=\u00a0\u00bb#01864A\u00a0\u00bb sticky_enabled=\u00a0\u00bb0&Prime; button_bg_color=\u00a0\u00bb#FFFFFF\u00a0\u00bb button_bg_enable_color=\u00a0\u00bbon\u00a0\u00bb][\/et_pb_button][et_pb_text _builder_version=\u00a0\u00bb4.20.2&Prime; text_font=\u00a0\u00bbPoppins||||||||\u00a0\u00bb text_text_color=\u00a0\u00bb#000000&Prime; text_font_size=\u00a0\u00bb15px\u00a0\u00bb header_font=\u00a0\u00bb||||||||\u00a0\u00bb header_2_font=\u00a0\u00bbMontserrat||||||||\u00a0\u00bb header_2_text_color=\u00a0\u00bb#01864A\u00a0\u00bb header_2_font_size=\u00a0\u00bb22px\u00a0\u00bb header_2_line_height=\u00a0\u00bb1.3em\u00a0\u00bb header_4_text_color=\u00a0\u00bb#333333&Prime; header_4_line_height=\u00a0\u00bb1.2em\u00a0\u00bb custom_margin=\u00a0\u00bb||9px||false|false\u00a0\u00bb custom_padding=\u00a0\u00bb||0px||false|false\u00a0\u00bb animation_direction=\u00a0\u00bbleft\u00a0\u00bb hover_enabled=\u00a0\u00bb0&Prime; global_colors_info=\u00a0\u00bb{}\u00a0\u00bb sticky_enabled=\u00a0\u00bb0&Prime;]<\/p>\n<h2 style=\"text-align: left;\">La pratique comp\u00e9titive est au c\u0153ur de nos activit\u00e9s. Les championnats de handball au Qu\u00e9bec commencent au niveau Benjamin avec les tournois triples couronnes, pour arriver au niveau s\u00e9nior avec la cat\u00e9gorie D1.<\/h2>\n<p>[\/et_pb_text][et_pb_text _builder_version=\u00a0\u00bb4.20.2&Prime; text_font=\u00a0\u00bbPoppins||||||||\u00a0\u00bb text_text_color=\u00a0\u00bb#000000&Prime; text_font_size=\u00a0\u00bb15px\u00a0\u00bb header_font=\u00a0\u00bb||||||||\u00a0\u00bb header_2_font=\u00a0\u00bbMontserrat|700||on|||||\u00a0\u00bb header_2_text_color=\u00a0\u00bb#01864A\u00a0\u00bb header_2_font_size=\u00a0\u00bb36px\u00a0\u00bb header_4_text_color=\u00a0\u00bb#333333&Prime; header_4_line_height=\u00a0\u00bb1.2em\u00a0\u00bb custom_margin=\u00a0\u00bb1%||3%||false|false\u00a0\u00bb custom_padding=\u00a0\u00bb||0px||false|false\u00a0\u00bb animation_direction=\u00a0\u00bbleft\u00a0\u00bb global_colors_info=\u00a0\u00bb{}\u00a0\u00bb]<\/p>\n<p>Chaque \u00e9quipe a 2 \u00e0 3 entra\u00eenements par semaine, <span>3 \u00e0 4 tournois par an pour Benjamins et Cadets<\/span>, <span>une douzaine de matchs \u00e0 partir des <\/span>Juv\u00e9niles, et une dizaine de matchs officiels pour les cat\u00e9gories Junior et Seniors.<\/p>\n<p>[\/et_pb_text][et_pb_text _builder_version=\u00a0\u00bb4.20.2&Prime; text_font=\u00a0\u00bbPoppins||||||||\u00a0\u00bb text_text_color=\u00a0\u00bb#000000&Prime; text_font_size=\u00a0\u00bb15px\u00a0\u00bb header_font=\u00a0\u00bb||||||||\u00a0\u00bb header_2_font=\u00a0\u00bbMontserrat|700||on|||||\u00a0\u00bb header_2_text_color=\u00a0\u00bb#01864A\u00a0\u00bb header_2_font_size=\u00a0\u00bb36px\u00a0\u00bb header_4_text_color=\u00a0\u00bb#333333&Prime; header_4_line_height=\u00a0\u00bb1.2em\u00a0\u00bb custom_margin=\u00a0\u00bb1%||3%||false|false\u00a0\u00bb custom_padding=\u00a0\u00bb||0px||false|false\u00a0\u00bb animation_direction=\u00a0\u00bbleft\u00a0\u00bb global_colors_info=\u00a0\u00bb{}\u00a0\u00bb]<\/p>\n<p><strong>Cliquez sur les diff\u00e9rentes cat\u00e9gories ci-dessous pour trouver tous les d\u00e9tails de votre \u00e9quipe.<\/strong><\/p>\n<p>[\/et_pb_text][\/et_pb_column][et_pb_column type=\u00a0\u00bb1_4&Prime; _builder_version=\u00a0\u00bb4.20.2&Prime; _module_preset=\u00a0\u00bbdefault\u00a0\u00bb global_colors_info=\u00a0\u00bb{}\u00a0\u00bb][\/et_pb_column][\/et_pb_row][et_pb_row column_structure=\u00a0\u00bb1_3,1_3,1_3&Prime; use_custom_gutter=\u00a0\u00bbon\u00a0\u00bb gutter_width=\u00a0\u00bb2&Prime; make_equal=\u00a0\u00bbon\u00a0\u00bb _builder_version=\u00a0\u00bb4.20.2&Prime; _module_preset=\u00a0\u00bbdefault\u00a0\u00bb width_tablet=\u00a0\u00bb\u00a0\u00bb width_phone=\u00a0\u00bb85%\u00a0\u00bb width_last_edited=\u00a0\u00bbon|phone\u00a0\u00bb animation_style=\u00a0\u00bbfade\u00a0\u00bb global_colors_info=\u00a0\u00bb{}\u00a0\u00bb][et_pb_column type=\u00a0\u00bb1_3&Prime; _builder_version=\u00a0\u00bb4.20.2&Prime; _module_preset=\u00a0\u00bbdefault\u00a0\u00bb background_color=\u00a0\u00bb#005632&Prime; background_image=\u00a0\u00bbhttp:\/\/www.celtiques.com\/wp-content\/uploads\/2023\/05\/IMG_2863_DxO-scaled.webp\u00a0\u00bb background_blend=\u00a0\u00bbmultiply\u00a0\u00bb custom_padding=\u00a0\u00bb5%|3%|5%|3%|false|false\u00a0\u00bb global_colors_info=\u00a0\u00bb{}\u00a0\u00bb][et_pb_text _builder_version=\u00a0\u00bb4.20.2&Prime; _module_preset=\u00a0\u00bbdefault\u00a0\u00bb text_text_color=\u00a0\u00bb#FFFFFF\u00a0\u00bb header_text_align=\u00a0\u00bbleft\u00a0\u00bb header_3_font=\u00a0\u00bb|||on|||||\u00a0\u00bb header_3_text_align=\u00a0\u00bbleft\u00a0\u00bb header_3_text_color=\u00a0\u00bb#FFFFFF\u00a0\u00bb header_3_font_size=\u00a0\u00bb39px\u00a0\u00bb custom_margin=\u00a0\u00bb||0px||false|false\u00a0\u00bb custom_padding=\u00a0\u00bb||0px||false|false\u00a0\u00bb header_3_font_size_tablet=\u00a0\u00bb39px\u00a0\u00bb header_3_font_size_phone=\u00a0\u00bb33px\u00a0\u00bb header_3_font_size_last_edited=\u00a0\u00bbon|phone\u00a0\u00bb header_3_text_shadow_style=\u00a0\u00bbpreset3&Prime; global_colors_info=\u00a0\u00bb{}\u00a0\u00bb]<\/p>\n<h3>MINIME<\/h3>\n<p>Nos jeunes handballeurs passionn\u00e9s promettent le renouveau et la rel\u00e8ve du club de Handball Celtique de Montr\u00e9al !<\/p>\n<p>[\/et_pb_text][et_pb_text _builder_version=\u00a0\u00bb4.20.2&Prime; _module_preset=\u00a0\u00bbdefault\u00a0\u00bb text_text_color=\u00a0\u00bb#FFFFFF\u00a0\u00bb text_font_size=\u00a0\u00bb21px\u00a0\u00bb header_text_align=\u00a0\u00bbleft\u00a0\u00bb header_2_text_align=\u00a0\u00bbleft\u00a0\u00bb header_3_text_align=\u00a0\u00bbleft\u00a0\u00bb header_4_text_align=\u00a0\u00bbleft\u00a0\u00bb header_4_font_size=\u00a0\u00bb19px\u00a0\u00bb text_orientation=\u00a0\u00bbcenter\u00a0\u00bb custom_margin=\u00a0\u00bb10px||||false|false\u00a0\u00bb global_colors_info=\u00a0\u00bb{}\u00a0\u00bb]<\/p>\n<h4><a href=\"\/category\/equipes\/minime-feminin\/\" title=\"Minime f\u00e9minin\">F\u00e9minin<\/a> \/ <a href=\"\/category\/equipes\/minime-masculin\/\" title=\"Minime masculin\">Masculin<\/a><\/h4>\n<p>[\/et_pb_text][et_pb_toggle title=\u00a0\u00bbEn savoir plus\u00a0\u00bb open_toggle_text_color=\u00a0\u00bb#01864A\u00a0\u00bb open_toggle_background_color=\u00a0\u00bb#FFFFFF\u00a0\u00bb closed_toggle_background_color=\u00a0\u00bb#FFFFFF\u00a0\u00bb disabled_on=\u00a0\u00bbon|on|on\u00a0\u00bb _builder_version=\u00a0\u00bb4.20.2&Prime; _module_preset=\u00a0\u00bbdefault\u00a0\u00bb title_text_color=\u00a0\u00bb#01864A\u00a0\u00bb body_text_color=\u00a0\u00bb#000000&Prime; custom_margin=\u00a0\u00bb||||false|false\u00a0\u00bb border_width_all=\u00a0\u00bb0px\u00a0\u00bb disabled=\u00a0\u00bbon\u00a0\u00bb global_colors_info=\u00a0\u00bb{}\u00a0\u00bb]<\/p>\n<p>Nos jeunes handballeurs passionn\u00e9s promettent le renouveau et la rel\u00e8ve du club de Handball Celtique de Montr\u00e9al !<\/p>\n<p>Leur d\u00e9termination et leur engagement sont une source d&rsquo;inspiration pour tous. Nous mettons tout en \u0153uvre avec passion, dynamisme et p\u00e9dagogie pour d\u00e9velopper cette cat\u00e9gorie qui repr\u00e9sente le futur du club.<\/p>\n<p>Nous leur offrons des entra\u00eenements adapt\u00e9s, des encadrements de qualit\u00e9 et des comp\u00e9titions stimulantes afin de les aider \u00e0 atteindre leur plein potentiel.<\/p>\n<p>Nous avons foi en leur capacit\u00e9 \u00e0 repr\u00e9senter le club avec honneur et \u00e0 perp\u00e9tuer l&rsquo;esprit du Handball Celtique. Leur passion pour le sport et leur volont\u00e9 de se surpasser sont le moteur qui nous pousse \u00e0 continuer \u00e0 investir dans leur d\u00e9veloppement.<\/p>\n<p>Gr\u00e2ce \u00e0 eux, le futur du club est prometteur et nous avons h\u00e2te de voir ces jeunes athl\u00e8tes \u00e9voluer et briller dans le monde du handball<\/p>\n<p>[\/et_pb_toggle][\/et_pb_column][et_pb_column type=\u00a0\u00bb1_3&Prime; _builder_version=\u00a0\u00bb4.20.2&Prime; _module_preset=\u00a0\u00bbdefault\u00a0\u00bb background_color=\u00a0\u00bb#005632&Prime; background_image=\u00a0\u00bbhttp:\/\/www.celtiques.com\/wp-content\/uploads\/2023\/05\/benjamins-Club-Handball-Celtique-de-Montreal.webp\u00a0\u00bb background_blend=\u00a0\u00bbmultiply\u00a0\u00bb custom_padding=\u00a0\u00bb5%|3%|5%|3%|false|false\u00a0\u00bb global_colors_info=\u00a0\u00bb{}\u00a0\u00bb][et_pb_text _builder_version=\u00a0\u00bb4.20.2&Prime; _module_preset=\u00a0\u00bbdefault\u00a0\u00bb text_text_color=\u00a0\u00bb#FFFFFF\u00a0\u00bb header_text_align=\u00a0\u00bbleft\u00a0\u00bb header_3_font=\u00a0\u00bb|||on|||||\u00a0\u00bb header_3_text_align=\u00a0\u00bbcenter\u00a0\u00bb header_3_text_color=\u00a0\u00bb#FFFFFF\u00a0\u00bb header_3_font_size=\u00a0\u00bb39px\u00a0\u00bb custom_margin=\u00a0\u00bb||0px||false|false\u00a0\u00bb custom_padding=\u00a0\u00bb||0px||false|false\u00a0\u00bb header_3_font_size_tablet=\u00a0\u00bb39px\u00a0\u00bb header_3_font_size_phone=\u00a0\u00bb33px\u00a0\u00bb header_3_font_size_last_edited=\u00a0\u00bbon|phone\u00a0\u00bb global_colors_info=\u00a0\u00bb{}\u00a0\u00bb]<\/p>\n<h3 style=\"text-align: left;\">BENJAMIN<\/h3>\n<p>Nos \u00e9quipes benjamines repr\u00e9sentent le c\u0153ur du club, avec plus de 60 jeunes handballeurs et handballeuses.<\/p>\n<p>[\/et_pb_text][et_pb_text _builder_version=\u00a0\u00bb4.20.2&Prime; _module_preset=\u00a0\u00bbdefault\u00a0\u00bb text_text_color=\u00a0\u00bb#FFFFFF\u00a0\u00bb text_font_size=\u00a0\u00bb21px\u00a0\u00bb header_4_text_align=\u00a0\u00bbleft\u00a0\u00bb header_4_font_size=\u00a0\u00bb19px\u00a0\u00bb text_orientation=\u00a0\u00bbcenter\u00a0\u00bb custom_margin=\u00a0\u00bb10px||||false|false\u00a0\u00bb global_colors_info=\u00a0\u00bb{}\u00a0\u00bb]<\/p>\n<h4><a href=\"\/category\/equipes\/benjamines\/\" title=\"Benjamin f\u00e9minin\">F\u00e9minin<\/a> \/ <a href=\"\/category\/equipes\/benjamins\/\" title=\"Benjamin masculin\">Masculin<\/a><\/h4>\n<p>[\/et_pb_text][et_pb_toggle title=\u00a0\u00bbEn savoir plus\u00a0\u00bb open_toggle_text_color=\u00a0\u00bb#01864A\u00a0\u00bb open_toggle_background_color=\u00a0\u00bb#000000&Prime; closed_toggle_background_color=\u00a0\u00bb#000000&Prime; disabled_on=\u00a0\u00bbon|on|on\u00a0\u00bb _builder_version=\u00a0\u00bb4.20.2&Prime; _module_preset=\u00a0\u00bbdefault\u00a0\u00bb title_text_color=\u00a0\u00bb#01864A\u00a0\u00bb body_text_color=\u00a0\u00bb#FFFFFF\u00a0\u00bb custom_margin=\u00a0\u00bb||||false|false\u00a0\u00bb disabled=\u00a0\u00bbon\u00a0\u00bb global_colors_info=\u00a0\u00bb{}\u00a0\u00bb]<\/p>\n<p>Nos \u00e9quipes benjamines repr\u00e9sentent le c\u0153ur du club, avec plus de 60 jeunes handballeurs et handballeuses.<\/p>\n<p>Leur \u00e9nergie, leur passion et leur d\u00e9vouement font de notre club un v\u00e9ritable joyau. Ils s&rsquo;entra\u00eenent avec acharnement, sous la guidance de nos entra\u00eeneurs exp\u00e9riment\u00e9s, pour d\u00e9velopper leurs comp\u00e9tences et atteindre de nouveaux sommets.<\/p>\n<p>Chaque match, chaque tournoi est une occasion pour nos benjamins de montrer leur talent et de repr\u00e9senter fi\u00e8rement les couleurs de notre club. Leurs progr\u00e8s constants et leur esprit d&rsquo;\u00e9quipe sont les fondations solides sur lesquelles nous b\u00e2tissons notre avenir. Gr\u00e2ce \u00e0 leur engagement, nous sommes convaincus que notre club continuera \u00e0 grandir et \u00e0 briller sur la sc\u00e8ne handballistique.<\/p>\n<p>[\/et_pb_toggle][\/et_pb_column][et_pb_column type=\u00a0\u00bb1_3&Prime; _builder_version=\u00a0\u00bb4.20.2&Prime; _module_preset=\u00a0\u00bbdefault\u00a0\u00bb background_color=\u00a0\u00bb#005632&Prime; background_image=\u00a0\u00bbhttp:\/\/www.celtiques.com\/wp-content\/uploads\/2023\/05\/DSC_3470-scaled.webp\u00a0\u00bb background_blend=\u00a0\u00bbmultiply\u00a0\u00bb custom_padding=\u00a0\u00bb5%|3%|5%|3%|false|false\u00a0\u00bb global_colors_info=\u00a0\u00bb{}\u00a0\u00bb][et_pb_text _builder_version=\u00a0\u00bb4.20.2&Prime; _module_preset=\u00a0\u00bbdefault\u00a0\u00bb text_text_color=\u00a0\u00bb#FFFFFF\u00a0\u00bb header_text_align=\u00a0\u00bbleft\u00a0\u00bb header_3_font=\u00a0\u00bb|||on|||||\u00a0\u00bb header_3_text_align=\u00a0\u00bbcenter\u00a0\u00bb header_3_text_color=\u00a0\u00bb#FFFFFF\u00a0\u00bb header_3_font_size=\u00a0\u00bb39px\u00a0\u00bb custom_margin=\u00a0\u00bb||0px||false|false\u00a0\u00bb custom_padding=\u00a0\u00bb||0px||false|false\u00a0\u00bb header_3_font_size_tablet=\u00a0\u00bb39px\u00a0\u00bb header_3_font_size_phone=\u00a0\u00bb33px\u00a0\u00bb header_3_font_size_last_edited=\u00a0\u00bbon|phone\u00a0\u00bb header_3_text_shadow_style=\u00a0\u00bbpreset3&Prime; global_colors_info=\u00a0\u00bb{}\u00a0\u00bb]<\/p>\n<h3 style=\"text-align: left;\">CADET<\/h3>\n<p>Nos cadets sont un v\u00e9ritable laboratoire du travail et de la progression.<\/p>\n<p>[\/et_pb_text][et_pb_text _builder_version=\u00a0\u00bb4.20.2&Prime; _module_preset=\u00a0\u00bbdefault\u00a0\u00bb text_text_color=\u00a0\u00bb#FFFFFF\u00a0\u00bb text_font_size=\u00a0\u00bb21px\u00a0\u00bb header_text_align=\u00a0\u00bbleft\u00a0\u00bb header_4_text_align=\u00a0\u00bbleft\u00a0\u00bb header_4_font_size=\u00a0\u00bb19px\u00a0\u00bb text_orientation=\u00a0\u00bbcenter\u00a0\u00bb custom_margin=\u00a0\u00bb10px||||false|false\u00a0\u00bb global_colors_info=\u00a0\u00bb{}\u00a0\u00bb]<\/p>\n<h4><a href=\"\/category\/equipes\/cadet-feminin\/\" title=\"Cadet f\u00e9minin\">F\u00e9minin<\/a> \/ <a href=\"\/category\/equipes\/cadet-masculin\/\" title=\"Cadet masculin\">Masculin<\/a><\/h4>\n<p>[\/et_pb_text][et_pb_toggle title=\u00a0\u00bbEn savoir plus\u00a0\u00bb open_toggle_text_color=\u00a0\u00bb#01864A\u00a0\u00bb open_toggle_background_color=\u00a0\u00bb#FFFFFF\u00a0\u00bb closed_toggle_background_color=\u00a0\u00bb#FFFFFF\u00a0\u00bb disabled_on=\u00a0\u00bbon|on|on\u00a0\u00bb _builder_version=\u00a0\u00bb4.20.2&Prime; _module_preset=\u00a0\u00bbdefault\u00a0\u00bb title_text_color=\u00a0\u00bb#01864A\u00a0\u00bb body_text_color=\u00a0\u00bb#000000&Prime; custom_margin=\u00a0\u00bb||||false|false\u00a0\u00bb border_width_all=\u00a0\u00bb0px\u00a0\u00bb disabled=\u00a0\u00bbon\u00a0\u00bb global_colors_info=\u00a0\u00bb{}\u00a0\u00bb]<\/p>\n<p>Nos cadets sont un v\u00e9ritable laboratoire du travail et de la progression.<\/p>\n<p>C&rsquo;est ici que nos jeunes athl\u00e8tes commencent \u00e0 affiner leurs comp\u00e9tences et \u00e0 se pr\u00e9parer pour la comp\u00e9tition. Chaque s\u00e9ance d&rsquo;entra\u00eenement est une occasion de se surpasser, de repousser ses limites et de grandir en tant que joueur.<\/p>\n<p>Le travail acharn\u00e9 et la d\u00e9termination de nos cadets sont admirables. Ils sont pr\u00eats \u00e0 donner le meilleur d&rsquo;eux-m\u00eames pour atteindre leurs objectifs sportifs et personnels. Les entra\u00eeneurs d\u00e9vou\u00e9s les guident avec passion, les encourageant \u00e0 pers\u00e9v\u00e9rer et \u00e0 se d\u00e9velopper constamment.<\/p>\n<p>Dans cette phase cruciale de leur parcours handballistique, nous encourageons nos Cadets \u00e0 croire en leur potentiel et \u00e0 embrasser chaque d\u00e9fi comme une opportunit\u00e9 de grandir. Leur passion et leur d\u00e9vouement sont les fondations solides sur lesquelles nous construisons notre \u00e9quipe de demain.<\/p>\n<p>[\/et_pb_toggle][\/et_pb_column][\/et_pb_row][et_pb_row column_structure=\u00a0\u00bb1_2,1_2&Prime; use_custom_gutter=\u00a0\u00bbon\u00a0\u00bb gutter_width=\u00a0\u00bb2&Prime; make_equal=\u00a0\u00bbon\u00a0\u00bb _builder_version=\u00a0\u00bb4.20.2&Prime; _module_preset=\u00a0\u00bbdefault\u00a0\u00bb width_tablet=\u00a0\u00bb\u00a0\u00bb width_phone=\u00a0\u00bb85%\u00a0\u00bb width_last_edited=\u00a0\u00bbon|phone\u00a0\u00bb custom_margin=\u00a0\u00bb40px||||false|false\u00a0\u00bb custom_margin_tablet=\u00a0\u00bb40px||||false|false\u00a0\u00bb custom_margin_phone=\u00a0\u00bb30px||50px||false|false\u00a0\u00bb custom_margin_last_edited=\u00a0\u00bbon|phone\u00a0\u00bb animation_style=\u00a0\u00bbfade\u00a0\u00bb global_colors_info=\u00a0\u00bb{}\u00a0\u00bb][et_pb_column type=\u00a0\u00bb1_2&Prime; _builder_version=\u00a0\u00bb4.20.2&Prime; _module_preset=\u00a0\u00bbdefault\u00a0\u00bb background_color=\u00a0\u00bb#005632&Prime; background_image=\u00a0\u00bbhttp:\/\/www.celtiques.com\/wp-content\/uploads\/2023\/05\/DSC_3466-scaled.webp\u00a0\u00bb background_blend=\u00a0\u00bbmultiply\u00a0\u00bb custom_padding=\u00a0\u00bb5%|3%|5%|3%|false|false\u00a0\u00bb global_colors_info=\u00a0\u00bb{}\u00a0\u00bb][et_pb_text _builder_version=\u00a0\u00bb4.20.2&Prime; _module_preset=\u00a0\u00bbdefault\u00a0\u00bb text_text_color=\u00a0\u00bb#FFFFFF\u00a0\u00bb header_3_font=\u00a0\u00bb|||on|||||\u00a0\u00bb header_3_text_align=\u00a0\u00bbcenter\u00a0\u00bb header_3_text_color=\u00a0\u00bb#FFFFFF\u00a0\u00bb header_3_font_size=\u00a0\u00bb39px\u00a0\u00bb custom_margin=\u00a0\u00bb10%||0px||false|false\u00a0\u00bb custom_padding=\u00a0\u00bb||0px||false|false\u00a0\u00bb header_3_font_size_tablet=\u00a0\u00bb39px\u00a0\u00bb header_3_font_size_phone=\u00a0\u00bb33px\u00a0\u00bb header_3_font_size_last_edited=\u00a0\u00bbon|phone\u00a0\u00bb header_3_text_shadow_style=\u00a0\u00bbpreset3&Prime; global_colors_info=\u00a0\u00bb{}\u00a0\u00bb]<\/p>\n<h3 style=\"text-align: left;\">JUV\u00c9NILE<\/h3>\n<p>Nos juv\u00e9niles se consacrent avec passion et d\u00e9termination \u00e0 perfectionner leurs comp\u00e9tences et \u00e0 atteindre de nouveaux sommets.<\/p>\n<p>[\/et_pb_text][et_pb_text _builder_version=\u00a0\u00bb4.20.2&Prime; _module_preset=\u00a0\u00bbdefault\u00a0\u00bb text_text_color=\u00a0\u00bb#FFFFFF\u00a0\u00bb text_font_size=\u00a0\u00bb21px\u00a0\u00bb header_4_text_align=\u00a0\u00bbleft\u00a0\u00bb header_4_font_size=\u00a0\u00bb19px\u00a0\u00bb text_orientation=\u00a0\u00bbcenter\u00a0\u00bb custom_margin=\u00a0\u00bb10px||||false|false\u00a0\u00bb global_colors_info=\u00a0\u00bb{}\u00a0\u00bb]<\/p>\n<h4><a href=\"\/category\/equipes\/juvenile-feminin\/\" title=\"Juv\u00e9nile f\u00e9minin\">F\u00e9minin<\/a> \/ <a href=\"\/category\/equipes\/juvenile-masculin\/\" title=\"Juv\u00e9nile masculin\">Masculin<\/a><\/h4>\n<p>[\/et_pb_text][et_pb_toggle title=\u00a0\u00bbEn savoir plus\u00a0\u00bb open_toggle_text_color=\u00a0\u00bb#01864A\u00a0\u00bb open_toggle_background_color=\u00a0\u00bb#FFFFFF\u00a0\u00bb closed_toggle_background_color=\u00a0\u00bb#FFFFFF\u00a0\u00bb disabled_on=\u00a0\u00bbon|on|on\u00a0\u00bb _builder_version=\u00a0\u00bb4.20.2&Prime; _module_preset=\u00a0\u00bbdefault\u00a0\u00bb title_text_color=\u00a0\u00bb#01864A\u00a0\u00bb body_text_color=\u00a0\u00bb#000000&Prime; custom_margin=\u00a0\u00bb||||false|false\u00a0\u00bb border_width_all=\u00a0\u00bb0px\u00a0\u00bb disabled=\u00a0\u00bbon\u00a0\u00bb global_colors_info=\u00a0\u00bb{}\u00a0\u00bb]<\/p>\n<p>Nos juv\u00e9niles se consacrent avec passion et d\u00e9termination \u00e0 perfectionner leurs comp\u00e9tences et \u00e0 atteindre de nouveaux sommets.<\/p>\n<p>Chaque entra\u00eenement est une opportunit\u00e9 pour nos juv\u00e9niles d&rsquo;affiner leurs tactiques, d&rsquo;am\u00e9liorer leur condition physique et de d\u00e9velopper leur mentalit\u00e9 gagnante. Les coachs exp\u00e9riment\u00e9s les poussent \u00e0 repousser leurs limites, \u00e0 sortir de leur zone de confort et \u00e0 croire en leur potentiel.<\/p>\n<p>Ici, ils apprennent non seulement \u00e0 gagner sur le terrain, mais aussi \u00e0 gagner en confiance en eux-m\u00eames et en esprit d&rsquo;\u00e9quipe. Ils comprennent l&rsquo;importance de la discipline, de la strat\u00e9gie et de l&rsquo;engagement collectif pour atteindre leurs objectifs communs.<\/p>\n<p>Les juv\u00e9niles forment une unit\u00e9 solide, o\u00f9 la camaraderie et le soutien mutuel sont essentiels. Ils se motivent les uns les autres \u00e0 donner le meilleur d&rsquo;eux-m\u00eames, \u00e0 relever les d\u00e9fis avec d\u00e9termination et \u00e0 c\u00e9l\u00e9brer chaque victoire, quelle qu&rsquo;elle soit.<\/p>\n<p>En tant que futurs leaders de notre club, les juv\u00e9niles incarnent les valeurs de l&rsquo;effort, de la pers\u00e9v\u00e9rance et de la r\u00e9silience. Ils sont pr\u00eats \u00e0 affronter les comp\u00e9titions avec audace, \u00e0 apprendre des d\u00e9faites et \u00e0 savourer les moments de triomphe. Leur parcours dans cette cat\u00e9gorie marque une \u00e9tape cruciale de leur d\u00e9veloppement en tant que joueurs et en tant qu&rsquo;individus ambitieux.<\/p>\n<p>[\/et_pb_toggle][\/et_pb_column][et_pb_column type=\u00a0\u00bb1_2&Prime; _builder_version=\u00a0\u00bb4.20.2&Prime; _module_preset=\u00a0\u00bbdefault\u00a0\u00bb background_color=\u00a0\u00bb#005632&Prime; background_image=\u00a0\u00bbhttp:\/\/www.celtiques.com\/wp-content\/uploads\/2023\/01\/miguel-puig-phU8NHF85rU-unsplash-scaled.webp\u00a0\u00bb background_blend=\u00a0\u00bbmultiply\u00a0\u00bb custom_padding=\u00a0\u00bb5%|3%|5%|3%|false|false\u00a0\u00bb global_colors_info=\u00a0\u00bb{}\u00a0\u00bb][et_pb_text _builder_version=\u00a0\u00bb4.20.2&Prime; _module_preset=\u00a0\u00bbdefault\u00a0\u00bb text_text_color=\u00a0\u00bb#FFFFFF\u00a0\u00bb header_3_font=\u00a0\u00bb|||on|||||\u00a0\u00bb header_3_text_align=\u00a0\u00bbcenter\u00a0\u00bb header_3_text_color=\u00a0\u00bb#FFFFFF\u00a0\u00bb header_3_font_size=\u00a0\u00bb39px\u00a0\u00bb custom_margin=\u00a0\u00bb10%||0px||false|false\u00a0\u00bb custom_padding=\u00a0\u00bb||0px||false|false\u00a0\u00bb header_3_font_size_tablet=\u00a0\u00bb39px\u00a0\u00bb header_3_font_size_phone=\u00a0\u00bb33px\u00a0\u00bb header_3_font_size_last_edited=\u00a0\u00bbon|phone\u00a0\u00bb header_3_text_shadow_style=\u00a0\u00bbpreset3&Prime; global_colors_info=\u00a0\u00bb{}\u00a0\u00bb]<\/p>\n<h3 style=\"text-align: left;\">S\u00c9NIOR<\/h3>\n<p>Nos s\u00e9niors incarnent l\u2019esprit de formation, de d\u00e9passement de soi et de plaisir.<\/p>\n<p>[\/et_pb_text][et_pb_text _builder_version=\u00a0\u00bb4.20.2&Prime; _module_preset=\u00a0\u00bbdefault\u00a0\u00bb text_text_color=\u00a0\u00bb#FFFFFF\u00a0\u00bb text_font_size=\u00a0\u00bb21px\u00a0\u00bb header_4_text_align=\u00a0\u00bbleft\u00a0\u00bb header_4_font_size=\u00a0\u00bb19px\u00a0\u00bb text_orientation=\u00a0\u00bbcenter\u00a0\u00bb custom_margin=\u00a0\u00bb10px||||false|false\u00a0\u00bb global_colors_info=\u00a0\u00bb{}\u00a0\u00bb]<\/p>\n<h4><a href=\"\/category\/equipes\/senior-feminin\/\" title=\"Senior f\u00e9minin\">F\u00e9minin<\/a> \/ <a href=\"\/category\/equipes\/senior-masculin\/\" title=\"Senior masculin\">Masculin<\/a><\/h4>\n<p>[\/et_pb_text][et_pb_toggle title=\u00a0\u00bbS\u00e9niors D2&Prime; open_toggle_text_color=\u00a0\u00bb#01864A\u00a0\u00bb open_toggle_background_color=\u00a0\u00bb#FFFFFF\u00a0\u00bb closed_toggle_background_color=\u00a0\u00bb#FFFFFF\u00a0\u00bb disabled_on=\u00a0\u00bbon|on|on\u00a0\u00bb _builder_version=\u00a0\u00bb4.20.2&Prime; _module_preset=\u00a0\u00bbdefault\u00a0\u00bb title_text_color=\u00a0\u00bb#01864A\u00a0\u00bb body_text_color=\u00a0\u00bb#000000&Prime; custom_margin=\u00a0\u00bb||||false|false\u00a0\u00bb border_width_all=\u00a0\u00bb0px\u00a0\u00bb disabled=\u00a0\u00bbon\u00a0\u00bb global_colors_info=\u00a0\u00bb{}\u00a0\u00bb]<\/p>\n<p>Nos s\u00e9niors D2 incarnent l\u2019esprit de formation, de d\u00e9passement de soi et de plaisir.<\/p>\n<p>Les joueurs et joueuses qui composent cette \u00e9quipe s&rsquo;engagent \u00e0 se d\u00e9velopper en tant que joueurs, \u00e0 repousser leurs limites, tout en savourant chaque instant sur le terrain. Ils sont le reflet de l&rsquo;\u00e2me du club, v\u00e9hiculant ses valeurs fondamentales.<\/p>\n<p>Au sein de la cat\u00e9gorie Senior D2, la formation est une priorit\u00e9, mais le plaisir du jeu est tout aussi important. Ils savent que la passion et le plaisir sont les moteurs qui les poussent \u00e0 se surpasser.<\/p>\n<p>Ces joueurs et joueuses repr\u00e9sentent fi\u00e8rement les couleurs des Celtique de Montr\u00e9al et contribuent \u00e0 la coh\u00e9sion et \u00e0 l&rsquo;esprit de camaraderie du club. Ils montrent qu&rsquo;il est possible de former, de se d\u00e9passer et de s&rsquo;amuser en m\u00eame temps. Leur \u00e9nergie contagieuse et leur joie de jouer sont une source d&rsquo;inspiration pour tous les membres du club.<\/p>\n<p>[\/et_pb_toggle][et_pb_toggle title=\u00a0\u00bbS\u00e9niors D1&Prime; open_toggle_text_color=\u00a0\u00bb#01864A\u00a0\u00bb open_toggle_background_color=\u00a0\u00bb#FFFFFF\u00a0\u00bb closed_toggle_background_color=\u00a0\u00bb#FFFFFF\u00a0\u00bb disabled_on=\u00a0\u00bbon|on|on\u00a0\u00bb _builder_version=\u00a0\u00bb4.20.2&Prime; _module_preset=\u00a0\u00bbdefault\u00a0\u00bb title_text_color=\u00a0\u00bb#01864A\u00a0\u00bb body_text_color=\u00a0\u00bb#000000&Prime; custom_margin=\u00a0\u00bb||||false|false\u00a0\u00bb border_width_all=\u00a0\u00bb0px\u00a0\u00bb disabled=\u00a0\u00bbon\u00a0\u00bb global_colors_info=\u00a0\u00bb{}\u00a0\u00bb]<\/p>\n<p>Nos \u00e9quipes s\u00e9niors D1 sont synonymes de recherche de performance et de concr\u00e9tisation.<\/p>\n<p>Les joueurs et joueuses qui composent ces \u00e9quipes mettent tout en \u0153uvre pour atteindre l&rsquo;excellence sur le terrain. Ils sont la locomotive du club, propulsant l&rsquo;\u00e9quipe vers de nouveaux sommets.<\/p>\n<p>Ils sont anim\u00e9s par une ambition d\u00e9vorante et une volont\u00e9 in\u00e9branlable de r\u00e9ussir.<\/p>\n<p>La concr\u00e9tisation est le ma\u00eetre-mot de cette \u00e9quipe. Les joueurs cherchent \u00e0 mettre en pratique tout leur savoir-faire, \u00e0 transformer leurs efforts en r\u00e9sultats tangibles.<\/p>\n<p>Ensemble, ils cr\u00e9ent une dynamique de travail acharn\u00e9 et de d\u00e9termination, o\u00f9 chaque joueur contribue \u00e0 l&rsquo;essor de l&rsquo;\u00e9quipe. Nos \u00e9quipes s\u00e9niors D1 sont une force motrice qui pousse le club vers l&rsquo;excellence, en incarnant les valeurs de la pers\u00e9v\u00e9rance, de l&rsquo;ambition et de la volont\u00e9 de se d\u00e9passer.<\/p>\n<p>[\/et_pb_toggle][\/et_pb_column][\/et_pb_row][\/et_pb_section]<\/p>\n","protected":false},"excerpt":{"rendered":"<p>Accueil &gt; \u00c9quipes &gt; Comp\u00e9titifComp\u00e9titifLa pratique comp\u00e9titive est au c\u0153ur de nos activit\u00e9s. Les championnats de handball au Qu\u00e9bec commencent au niveau Benjamin avec les tournois triples couronnes, pour arriver au niveau s\u00e9nior avec la cat\u00e9gorie D1.Chaque \u00e9quipe a 2 \u00e0 3 entra\u00eenements par semaine, 3 \u00e0 4 tournois par an pour Benjamins et Cadets, [&hellip;]<\/p>\n","protected":false},"author":1,"featured_media":0,"parent":0,"menu_order":0,"comment_status":"closed","ping_status":"closed","template":"","meta":{"_et_pb_use_builder":"on","_et_pb_old_content":"","_et_gb_content_width":"","footnotes":""},"class_list":["post-231226","page","type-page","status-publish","hentry"],"yoast_head":"<!-- This site is optimized with the Yoast SEO plugin v26.8 - https:\/\/yoast.com\/product\/yoast-seo-wordpress\/ -->\n<title>Comp\u00e9titif<\/title>\n<meta name=\"description\" content=\"Accueil &gt; \u00c9quipes &gt; Comp\u00e9titifComp\u00e9titifLa pratique comp\u00e9titive est au c\u0153ur de nos activit\u00e9s. Les championnats de handball au Qu\u00e9bec commencent au niveau Benjamin avec les tournois triples couronnes, pour arriver au niveau s\u00e9nior avec la cat\u00e9gorie D1.Chaque \u00e9quipe a 2 \u00e0 3 entra\u00eenements par semaine, 3 \u00e0 4 tournois par an pour Benjamins et Cadets, [&hellip;]\" \/>\n<meta name=\"robots\" content=\"index, follow, max-snippet:-1, max-image-preview:large, max-video-preview:-1\" \/>\n<link rel=\"canonical\" href=\"https:\/\/celtiques.com\/?page_id=231226\" \/>\n<meta property=\"og:locale\" content=\"fr_FR\" \/>\n<meta property=\"og:type\" content=\"article\" \/>\n<meta property=\"og:title\" content=\"Comp\u00e9titif\" \/>\n<meta property=\"og:description\" content=\"Accueil &gt; \u00c9quipes &gt; Comp\u00e9titifComp\u00e9titifLa pratique comp\u00e9titive est au c\u0153ur de nos activit\u00e9s. Les championnats de handball au Qu\u00e9bec commencent au niveau Benjamin avec les tournois triples couronnes, pour arriver au niveau s\u00e9nior avec la cat\u00e9gorie D1.Chaque \u00e9quipe a 2 \u00e0 3 entra\u00eenements par semaine, 3 \u00e0 4 tournois par an pour Benjamins et Cadets, [&hellip;]\" \/>\n<meta property=\"og:url\" content=\"https:\/\/celtiques.com\/?page_id=231226\" \/>\n<meta property=\"og:site_name\" content=\"Club de Handball Celtique de Montr\u00e9al\" \/>\n<meta property=\"article:publisher\" content=\"https:\/\/www.facebook.com\/HandballClubCeltiqueDeMontreal\" \/>\n<meta property=\"article:modified_time\" content=\"2023-06-16T03:43:19+00:00\" \/>\n<meta name=\"twitter:card\" content=\"summary_large_image\" \/>\n<meta name=\"twitter:label1\" content=\"Dur\u00e9e de lecture estim\u00e9e\" \/>\n\t<meta name=\"twitter:data1\" content=\"2 minutes\" \/>\n<script type=\"application\/ld+json\" class=\"yoast-schema-graph\">{\"@context\":\"https:\/\/schema.org\",\"@graph\":[{\"@type\":\"WebPage\",\"@id\":\"https:\/\/celtiques.com\/?page_id=231226\",\"url\":\"https:\/\/celtiques.com\/?page_id=231226\",\"name\":\"Comp\u00e9titif\",\"isPartOf\":{\"@id\":\"https:\/\/celtiques.com\/#website\"},\"datePublished\":\"2023-03-29T18:13:13+00:00\",\"dateModified\":\"2023-06-16T03:43:19+00:00\",\"breadcrumb\":{\"@id\":\"https:\/\/celtiques.com\/?page_id=231226#breadcrumb\"},\"inLanguage\":\"fr-FR\",\"potentialAction\":[{\"@type\":\"ReadAction\",\"target\":[\"https:\/\/celtiques.com\/?page_id=231226\"]}]},{\"@type\":\"BreadcrumbList\",\"@id\":\"https:\/\/celtiques.com\/?page_id=231226#breadcrumb\",\"itemListElement\":[{\"@type\":\"ListItem\",\"position\":1,\"name\":\"Accueil\",\"item\":\"https:\/\/celtiques.com\/\"},{\"@type\":\"ListItem\",\"position\":2,\"name\":\"comp\u00e9titif\"}]},{\"@type\":\"WebSite\",\"@id\":\"https:\/\/celtiques.com\/#website\",\"url\":\"https:\/\/celtiques.com\/\",\"name\":\"Club de Handball Celtique de Montr\u00e9al\",\"description\":\"Club de Handball Celtique de Montr\u00e9al\",\"publisher\":{\"@id\":\"https:\/\/celtiques.com\/#organization\"},\"potentialAction\":[{\"@type\":\"SearchAction\",\"target\":{\"@type\":\"EntryPoint\",\"urlTemplate\":\"https:\/\/celtiques.com\/?s={search_term_string}\"},\"query-input\":{\"@type\":\"PropertyValueSpecification\",\"valueRequired\":true,\"valueName\":\"search_term_string\"}}],\"inLanguage\":\"fr-FR\"},{\"@type\":\"Organization\",\"@id\":\"https:\/\/celtiques.com\/#organization\",\"name\":\"Club de Handball Celtique de Montr\u00e9al\",\"url\":\"https:\/\/celtiques.com\/\",\"logo\":{\"@type\":\"ImageObject\",\"inLanguage\":\"fr-FR\",\"@id\":\"https:\/\/celtiques.com\/#\/schema\/logo\/image\/\",\"url\":\"https:\/\/celtiques.com\/wp-content\/uploads\/2023\/06\/cropped-logo_celtique_clean.png\",\"contentUrl\":\"https:\/\/celtiques.com\/wp-content\/uploads\/2023\/06\/cropped-logo_celtique_clean.png\",\"width\":512,\"height\":512,\"caption\":\"Club de Handball Celtique de Montr\u00e9al\"},\"image\":{\"@id\":\"https:\/\/celtiques.com\/#\/schema\/logo\/image\/\"},\"sameAs\":[\"https:\/\/www.facebook.com\/HandballClubCeltiqueDeMontreal\",\"https:\/\/www.instagram.com\/celtiquehandball\/\"]}]}<\/script>\n<!-- \/ Yoast SEO plugin. -->","yoast_head_json":{"title":"Comp\u00e9titif","description":"Accueil &gt; \u00c9quipes &gt; Comp\u00e9titifComp\u00e9titifLa pratique comp\u00e9titive est au c\u0153ur de nos activit\u00e9s. Les championnats de handball au Qu\u00e9bec commencent au niveau Benjamin avec les tournois triples couronnes, pour arriver au niveau s\u00e9nior avec la cat\u00e9gorie D1.Chaque \u00e9quipe a 2 \u00e0 3 entra\u00eenements par semaine, 3 \u00e0 4 tournois par an pour Benjamins et Cadets, [&hellip;]","robots":{"index":"index","follow":"follow","max-snippet":"max-snippet:-1","max-image-preview":"max-image-preview:large","max-video-preview":"max-video-preview:-1"},"canonical":"https:\/\/celtiques.com\/?page_id=231226","og_locale":"fr_FR","og_type":"article","og_title":"Comp\u00e9titif","og_description":"Accueil &gt; \u00c9quipes &gt; Comp\u00e9titifComp\u00e9titifLa pratique comp\u00e9titive est au c\u0153ur de nos activit\u00e9s. Les championnats de handball au Qu\u00e9bec commencent au niveau Benjamin avec les tournois triples couronnes, pour arriver au niveau s\u00e9nior avec la cat\u00e9gorie D1.Chaque \u00e9quipe a 2 \u00e0 3 entra\u00eenements par semaine, 3 \u00e0 4 tournois par an pour Benjamins et Cadets, [&hellip;]","og_url":"https:\/\/celtiques.com\/?page_id=231226","og_site_name":"Club de Handball Celtique de Montr\u00e9al","article_publisher":"https:\/\/www.facebook.com\/HandballClubCeltiqueDeMontreal","article_modified_time":"2023-06-16T03:43:19+00:00","twitter_card":"summary_large_image","twitter_misc":{"Dur\u00e9e de lecture estim\u00e9e":"2 minutes"},"schema":{"@context":"https:\/\/schema.org","@graph":[{"@type":"WebPage","@id":"https:\/\/celtiques.com\/?page_id=231226","url":"https:\/\/celtiques.com\/?page_id=231226","name":"Comp\u00e9titif","isPartOf":{"@id":"https:\/\/celtiques.com\/#website"},"datePublished":"2023-03-29T18:13:13+00:00","dateModified":"2023-06-16T03:43:19+00:00","breadcrumb":{"@id":"https:\/\/celtiques.com\/?page_id=231226#breadcrumb"},"inLanguage":"fr-FR","potentialAction":[{"@type":"ReadAction","target":["https:\/\/celtiques.com\/?page_id=231226"]}]},{"@type":"BreadcrumbList","@id":"https:\/\/celtiques.com\/?page_id=231226#breadcrumb","itemListElement":[{"@type":"ListItem","position":1,"name":"Accueil","item":"https:\/\/celtiques.com\/"},{"@type":"ListItem","position":2,"name":"comp\u00e9titif"}]},{"@type":"WebSite","@id":"https:\/\/celtiques.com\/#website","url":"https:\/\/celtiques.com\/","name":"Club de Handball Celtique de Montr\u00e9al","description":"Club de Handball Celtique de Montr\u00e9al","publisher":{"@id":"https:\/\/celtiques.com\/#organization"},"potentialAction":[{"@type":"SearchAction","target":{"@type":"EntryPoint","urlTemplate":"https:\/\/celtiques.com\/?s={search_term_string}"},"query-input":{"@type":"PropertyValueSpecification","valueRequired":true,"valueName":"search_term_string"}}],"inLanguage":"fr-FR"},{"@type":"Organization","@id":"https:\/\/celtiques.com\/#organization","name":"Club de Handball Celtique de Montr\u00e9al","url":"https:\/\/celtiques.com\/","logo":{"@type":"ImageObject","inLanguage":"fr-FR","@id":"https:\/\/celtiques.com\/#\/schema\/logo\/image\/","url":"https:\/\/celtiques.com\/wp-content\/uploads\/2023\/06\/cropped-logo_celtique_clean.png","contentUrl":"https:\/\/celtiques.com\/wp-content\/uploads\/2023\/06\/cropped-logo_celtique_clean.png","width":512,"height":512,"caption":"Club de Handball Celtique de Montr\u00e9al"},"image":{"@id":"https:\/\/celtiques.com\/#\/schema\/logo\/image\/"},"sameAs":["https:\/\/www.facebook.com\/HandballClubCeltiqueDeMontreal","https:\/\/www.instagram.com\/celtiquehandball\/"]}]}},"_links":{"self":[{"href":"https:\/\/celtiques.com\/index.php?rest_route=\/wp\/v2\/pages\/231226","targetHints":{"allow":["GET"]}}],"collection":[{"href":"https:\/\/celtiques.com\/index.php?rest_route=\/wp\/v2\/pages"}],"about":[{"href":"https:\/\/celtiques.com\/index.php?rest_route=\/wp\/v2\/types\/page"}],"author":[{"embeddable":true,"href":"https:\/\/celtiques.com\/index.php?rest_route=\/wp\/v2\/users\/1"}],"replies":[{"embeddable":true,"href":"https:\/\/celtiques.com\/index.php?rest_route=%2Fwp%2Fv2%2Fcomments&post=231226"}],"version-history":[{"count":0,"href":"https:\/\/celtiques.com\/index.php?rest_route=\/wp\/v2\/pages\/231226\/revisions"}],"wp:attachment":[{"href":"https:\/\/celtiques.com\/index.php?rest_route=%2Fwp%2Fv2%2Fmedia&parent=231226"}],"curies":[{"name":"wp","href":"https:\/\/api.w.org\/{rel}","templated":true}]}}